{"id":8,"date":"2016-10-18T18:45:13","date_gmt":"2016-10-18T17:45:13","guid":{"rendered":"http:\/\/contesdechorig.fr\/?page_id=8"},"modified":"2016-10-23T07:55:07","modified_gmt":"2016-10-23T06:55:07","slug":"a-propos","status":"publish","type":"page","link":"http:\/\/contesdechorig.fr\/index.php\/a-propos\/","title":{"rendered":"A Propos"},"content":{"rendered":"<p><img loading=\"lazy\" class=\"alignnone size-medium wp-image-16\" src=\"http:\/\/contesdechorig.fr\/wp-content\/uploads\/2016\/10\/test-300x225.jpg\" alt=\"test\" width=\"300\" height=\"225\" srcset=\"http:\/\/contesdechorig.fr\/wp-content\/uploads\/2016\/10\/test-300x225.jpg 300w, http:\/\/contesdechorig.fr\/wp-content\/uploads\/2016\/10\/test-768x576.jpg 768w, http:\/\/contesdechorig.fr\/wp-content\/uploads\/2016\/10\/test.jpg 836w\" sizes=\"(max-width: 300px) 100vw, 300px\" \/><\/p>\n<p>L\u2019Arm\u00e9nie et le Liban ont toujours \u00e9t\u00e9 attach\u00e9s \u00e0 la culture orale.<br \/>\nChorig le sait bien car son grand oncle maternel Hovsep Khabayan \u00e9tait conteur dans le petit village de y\u00e9gh\u00e9k \u00e0 Kharpert.On le surnommait y\u00e9ghpa\u00efr Khabayan (fr\u00e8re Khabayan) et chaque soir les habitants se regroupaient pour l\u2019\u00e9couter conter. La m\u00e8re de Chorig a v\u00e9cu dans cette ambiance de veill\u00e9es f\u00e9eriques et elle a transmis \u00e0 sa fille cet amour des histoires.<br \/>\nChorig cr\u00e9e l\u2019association en 1998, depuis 2014 elle se nomme \u00ab\u00a0la Compagnie des Mille Sources\u00a0\u00bb.<br \/>\nEnrichie par ses belles rencontres, Chorig peut vous concocter des projets de conte et vous invite \u00e0 l&rsquo;\u00e9couter durant ses animations et ses spectacles de conte.<\/p>\n","protected":false},"excerpt":{"rendered":"<p>L\u2019Arm\u00e9nie et le Liban ont toujours \u00e9t\u00e9 attach\u00e9s \u00e0 la culture orale. Chorig le sait bien car son grand oncle maternel Hovsep Khabayan \u00e9tait conteur dans le petit village de y\u00e9gh\u00e9k \u00e0 Kharpert.On le surnommait y\u00e9ghpa\u00efr Khabayan (fr\u00e8re Khabayan) et chaque soir les habitants se regroupaient pour l\u2019\u00e9couter conter. La m\u00e8re de Chorig a v\u00e9cu [&hellip;]<\/p>\n","protected":false},"author":1,"featured_media":0,"parent":0,"menu_order":5,"comment_status":"closed","ping_status":"closed","template":"","meta":[],"_links":{"self":[{"href":"http:\/\/contesdechorig.fr\/index.php\/wp-json\/wp\/v2\/pages\/8"}],"collection":[{"href":"http:\/\/contesdechorig.fr\/index.php\/wp-json\/wp\/v2\/pages"}],"about":[{"href":"http:\/\/contesdechorig.fr\/index.php\/wp-json\/wp\/v2\/types\/page"}],"author":[{"embeddable":true,"href":"http:\/\/contesdechorig.fr\/index.php\/wp-json\/wp\/v2\/users\/1"}],"replies":[{"embeddable":true,"href":"http:\/\/contesdechorig.fr\/index.php\/wp-json\/wp\/v2\/comments?post=8"}],"version-history":[{"count":4,"href":"http:\/\/contesdechorig.fr\/index.php\/wp-json\/wp\/v2\/pages\/8\/revisions"}],"predecessor-version":[{"id":130,"href":"http:\/\/contesdechorig.fr\/index.php\/wp-json\/wp\/v2\/pages\/8\/revisions\/130"}],"wp:attachment":[{"href":"http:\/\/contesdechorig.fr\/index.php\/wp-json\/wp\/v2\/media?parent=8"}],"curies":[{"name":"wp","href":"https:\/\/api.w.org\/{rel}","templated":true}]}}